{"id":803,"date":"2026-04-16T04:30:18","date_gmt":"2026-04-16T04:30:18","guid":{"rendered":"https:\/\/artsilva.ro\/?post_type=product&#038;p=803"},"modified":"2026-04-30T08:30:15","modified_gmt":"2026-04-30T08:30:15","slug":"803","status":"publish","type":"product","link":"https:\/\/artsilva.ro\/?product=803","title":{"rendered":"QUADRA NATURA 2 x 2 m"},"content":{"rendered":"<div data-draftjs-conductor-fragment=\"{&quot;blocks&quot;:[{&quot;key&quot;:&quot;al8c2&quot;,&quot;text&quot;:&quot;Umbrel\u0103 de plaj\u0103 \u00eempletit\u0103 manual din r\u0103chit\u0103 natur \u2013 elegan\u021b\u0103 mediteranean\u0103 adus\u0103 pe \u021b\u0103rmurile noastre&quot;,&quot;type&quot;:&quot;header-two&quot;,&quot;depth&quot;:0,&quot;inlineStyleRanges&quot;:[{&quot;offset&quot;:0,&quot;length&quot;:103,&quot;style&quot;:&quot;BOLD&quot;}],&quot;entityRanges&quot;:[],&quot;data&quot;:{&quot;attributes&quot;:{&quot;className&quot;:&quot;&quot;}}},{&quot;key&quot;:&quot;fpnud&quot;,&quot;text&quot;:&quot;Creat\u0103 manual din r\u0103chit\u0103 natur \u0219i \u00eempletit\u0103 direct pe o structur\u0103 metalic\u0103 solid\u0103, aceast\u0103 umbrel\u0103 de plaj\u0103 \u00eembin\u0103 frumuse\u021bea tradi\u021biei cu siguran\u021ba unei construc\u021bii moderne. Cu un diametru de 2 metri, fiecare p\u0103l\u0103rie capteaz\u0103 farmecul mediteranean \u00eent\u00e2lnit pe plajele amenajate din sudul Europei, acolo unde aceste umbrele sunt standardul absolut pentru confort, rezisten\u021b\u0103 \u0219i estetic\u0103 natural\u0103.&quot;,&quot;type&quot;:&quot;unstyled&quot;,&quot;depth&quot;:0,&quot;inlineStyleRanges&quot;:[{&quot;offset&quot;:194,&quot;length&quot;:7,&quot;style&quot;:&quot;BOLD&quot;}],&quot;entityRanges&quot;:[],&quot;data&quot;:{&quot;attributes&quot;:{&quot;className&quot;:&quot;&quot;}}},{&quot;key&quot;:&quot;bk5mh&quot;,&quot;text&quot;:&quot;Ast\u0103zi, acela\u0219i aer de vacan\u021b\u0103 \u00eensorit\u0103 poate fi adus \u0219i pe plajele noastre, dar \u0219i \u00een gr\u0103dini, la piscine, pe terase sau \u00een orice col\u021b dedicat relax\u0103rii.&quot;,&quot;type&quot;:&quot;unstyled&quot;,&quot;depth&quot;:0,&quot;inlineStyleRanges&quot;:[],&quot;entityRanges&quot;:[],&quot;data&quot;:{&quot;attributes&quot;:{&quot;className&quot;:&quot;&quot;}}},{&quot;key&quot;:&quot;1cc9h&quot;,&quot;text&quot;:&quot;Umbrelele p\u0103trate asigur\u0103 o acoperire mai compact\u0103 a plajei l\u0103s\u00e2nd doar anumite alei de soare \u00een amenajarea plajei.&quot;,&quot;type&quot;:&quot;unstyled&quot;,&quot;depth&quot;:0,&quot;inlineStyleRanges&quot;:[],&quot;entityRanges&quot;:[],&quot;data&quot;:{&quot;attributes&quot;:{&quot;className&quot;:&quot;&quot;}}},{&quot;key&quot;:&quot;e57uv&quot;,&quot;text&quot;:&quot;Un design natural care rezist\u0103 furtunilor din senin&quot;,&quot;type&quot;:&quot;header-two&quot;,&quot;depth&quot;:0,&quot;inlineStyleRanges&quot;:[{&quot;offset&quot;:0,&quot;length&quot;:51,&quot;style&quot;:&quot;BOLD&quot;}],&quot;entityRanges&quot;:[],&quot;data&quot;:{&quot;attributes&quot;:{&quot;className&quot;:&quot;&quot;}}},{&quot;key&quot;:&quot;51vqa&quot;,&quot;text&quot;:&quot;R\u0103chita, \u00eempletit\u0103 dens pe cadrul metalic, formeaz\u0103 o p\u0103l\u0103rie solid\u0103 \u0219i elastic\u0103 \u00een acela\u0219i timp. Este o solu\u021bie care face fa\u021b\u0103 v\u00e2nturilor puternice \u0219i furtunilor ridicate brusc, mult mai bine dec\u00e2t umbrelele textile sau cele din stuf. Construc\u021bia este compact\u0103, iar materialul natural absoarbe \u0219i disip\u0103 for\u021ba v\u00e2ntului f\u0103r\u0103 s\u0103 se rup\u0103, s\u0103 vibreze sau s\u0103 \u201efluture\u201d.&quot;,&quot;type&quot;:&quot;unstyled&quot;,&quot;depth&quot;:0,&quot;inlineStyleRanges&quot;:[{&quot;offset&quot;:118,&quot;length&quot;:59,&quot;style&quot;:&quot;BOLD&quot;}],&quot;entityRanges&quot;:[],&quot;data&quot;:{&quot;attributes&quot;:{&quot;className&quot;:&quot;&quot;}}},{&quot;key&quot;:&quot;2fcpo&quot;,&quot;text&quot;:&quot;F\u0103r\u0103 fire \u00een nisip. F\u0103r\u0103 cur\u0103\u021benie continu\u0103.&quot;,&quot;type&quot;:&quot;header-two&quot;,&quot;depth&quot;:0,&quot;inlineStyleRanges&quot;:[{&quot;offset&quot;:0,&quot;length&quot;:44,&quot;style&quot;:&quot;BOLD&quot;}],&quot;entityRanges&quot;:[],&quot;data&quot;:{&quot;attributes&quot;:{&quot;className&quot;:&quot;&quot;}}},{&quot;key&quot;:&quot;2go7v&quot;,&quot;text&quot;:&quot;Spre deosebire de umbrelele din stuf, care pierd constant fire ce murd\u0103resc plaja \u0219i deranjeaz\u0103 turi\u0219tii, umbrelele din r\u0103chit\u0103 ArtSilva nu las\u0103 nimic \u00een urm\u0103. Plaja r\u0103m\u00e2ne curat\u0103, iar echipele de \u00eentre\u021binere scap\u0103 de muncile zilnice de adunat resturi vegetale.&quot;,&quot;type&quot;:&quot;unstyled&quot;,&quot;depth&quot;:0,&quot;inlineStyleRanges&quot;:[{&quot;offset&quot;:137,&quot;length&quot;:21,&quot;style&quot;:&quot;BOLD&quot;}],&quot;entityRanges&quot;:[],&quot;data&quot;:{&quot;attributes&quot;:{&quot;className&quot;:&quot;&quot;}}},{&quot;key&quot;:&quot;clque&quot;,&quot;text&quot;:&quot;Aceasta \u00eenseamn\u0103 mai pu\u021bin efort, costuri mai mici \u0219i turi\u0219ti mult mai mul\u021bumi\u021bi.&quot;,&quot;type&quot;:&quot;unstyled&quot;,&quot;depth&quot;:0,&quot;inlineStyleRanges&quot;:[{&quot;offset&quot;:17,&quot;length&quot;:63,&quot;style&quot;:&quot;BOLD&quot;}],&quot;entityRanges&quot;:[],&quot;data&quot;:{&quot;attributes&quot;:{&quot;className&quot;:&quot;&quot;}}},{&quot;key&quot;:&quot;d522n&quot;,&quot;text&quot;:&quot;Umbra ideal\u0103, respirabil\u0103 \u0219i r\u0103coroas\u0103&quot;,&quot;type&quot;:&quot;header-two&quot;,&quot;depth&quot;:0,&quot;inlineStyleRanges&quot;:[{&quot;offset&quot;:0,&quot;length&quot;:38,&quot;style&quot;:&quot;BOLD&quot;}],&quot;entityRanges&quot;:[],&quot;data&quot;:{&quot;attributes&quot;:{&quot;className&quot;:&quot;&quot;}}},{&quot;key&quot;:&quot;5d95m&quot;,&quot;text&quot;:&quot;Datorit\u0103 structurii naturale, lumina se filtreaz\u0103 discret, iar aerul circul\u0103 constant prin \u00eempletitur\u0103. Umbra este r\u0103coroas\u0103, stabil\u0103 \u0219i pl\u0103cut\u0103, chiar \u0219i \u00een cele mai calde zile de var\u0103 \u2013 un confort greu de ob\u021binut cu umbrelele textile obi\u0219nuite.&quot;,&quot;type&quot;:&quot;unstyled&quot;,&quot;depth&quot;:0,&quot;inlineStyleRanges&quot;:[{&quot;offset&quot;:115,&quot;length&quot;:29,&quot;style&quot;:&quot;BOLD&quot;}],&quot;entityRanges&quot;:[],&quot;data&quot;:{&quot;attributes&quot;:{&quot;className&quot;:&quot;&quot;}}},{&quot;key&quot;:&quot;b6mim&quot;,&quot;text&quot;:&quot;Versatil\u0103: pentru plaj\u0103, piscin\u0103, teras\u0103 sau gr\u0103din\u0103, \u0219trand, parc, \u00een zonele de relaxare ale resorturilor sau pensiunilor.&quot;,&quot;type&quot;:&quot;header-two&quot;,&quot;depth&quot;:0,&quot;inlineStyleRanges&quot;:[{&quot;offset&quot;:0,&quot;length&quot;:123,&quot;style&quot;:&quot;BOLD&quot;}],&quot;entityRanges&quot;:[],&quot;data&quot;:{&quot;attributes&quot;:{&quot;className&quot;:&quot;&quot;}}},{&quot;key&quot;:&quot;ek753&quot;,&quot;text&quot;:&quot;De\u0219i inspirat\u0103 din plajele sudice, umbrela din r\u0103chit\u0103 \u00ee\u0219i g\u0103se\u0219te locul perfect oriunde:&quot;,&quot;type&quot;:&quot;unstyled&quot;,&quot;depth&quot;:0,&quot;inlineStyleRanges&quot;:[],&quot;entityRanges&quot;:[],&quot;data&quot;:{&quot;attributes&quot;:{&quot;className&quot;:&quot;&quot;}}},{&quot;key&quot;:&quot;1utle&quot;,&quot;text&quot;:&quot;pe plaje turistice amenajate,&quot;,&quot;type&quot;:&quot;unordered-list-item&quot;,&quot;depth&quot;:0,&quot;inlineStyleRanges&quot;:[],&quot;entityRanges&quot;:[],&quot;data&quot;:{&quot;inlineBlockType&quot;:&quot;unstyled&quot;}},{&quot;key&quot;:&quot;fr1sf&quot;,&quot;text&quot;:&quot;l\u00e2ng\u0103 piscina hotelurilor,&quot;,&quot;type&quot;:&quot;unordered-list-item&quot;,&quot;depth&quot;:0,&quot;inlineStyleRanges&quot;:[],&quot;entityRanges&quot;:[],&quot;data&quot;:{&quot;inlineBlockType&quot;:&quot;unstyled&quot;}},{&quot;key&quot;:&quot;49a6b&quot;,&quot;text&quot;:&quot;pe terase \u0219i lounge-uri,&quot;,&quot;type&quot;:&quot;unordered-list-item&quot;,&quot;depth&quot;:0,&quot;inlineStyleRanges&quot;:[],&quot;entityRanges&quot;:[],&quot;data&quot;:{&quot;inlineBlockType&quot;:&quot;unstyled&quot;}},{&quot;key&quot;:&quot;81jlk&quot;,&quot;text&quot;:&quot;\u00een gr\u0103dini private,&quot;,&quot;type&quot;:&quot;unordered-list-item&quot;,&quot;depth&quot;:0,&quot;inlineStyleRanges&quot;:[],&quot;entityRanges&quot;:[],&quot;data&quot;:{&quot;inlineBlockType&quot;:&quot;unstyled&quot;}},{&quot;key&quot;:&quot;b1f6j&quot;,&quot;text&quot;:&quot;\u00een zonele de relaxare ale resorturilor sau pensiunilor.&quot;,&quot;type&quot;:&quot;unordered-list-item&quot;,&quot;depth&quot;:0,&quot;inlineStyleRanges&quot;:[],&quot;entityRanges&quot;:[],&quot;data&quot;:{&quot;inlineBlockType&quot;:&quot;unstyled&quot;}},{&quot;key&quot;:&quot;fs4ub&quot;,&quot;text&quot;:&quot;Atmosfera creat\u0103 este \u00eentotdeauna aceea\u0219i: natural\u0103, estival\u0103, elegant\u0103.&quot;,&quot;type&quot;:&quot;unstyled&quot;,&quot;depth&quot;:0,&quot;inlineStyleRanges&quot;:[{&quot;offset&quot;:43,&quot;length&quot;:28,&quot;style&quot;:&quot;BOLD&quot;}],&quot;entityRanges&quot;:[],&quot;data&quot;:{&quot;attributes&quot;:{&quot;className&quot;:&quot;&quot;}}}],&quot;entityMap&quot;:{}}\">\n<h3 class=\"public-DraftStyleDefault-block public-DraftStyleDefault-ltr\" data-offset-key=\"2gcmo-0-0\"><strong>Umbrel\u0103 de plaj\u0103 p\u0103trat\u0103 \u00eempletit\u0103 manual din r\u0103chit\u0103 natur \u2013 elegan\u021b\u0103 mediteranean\u0103 adus\u0103 pe \u021b\u0103rmurile noastre<\/strong><\/h3>\n<div class=\"richeditor2459980606__unstyled\" data-block=\"true\" data-editor=\"2fvj9\" data-offset-key=\"96f92-0-0\">\n<div class=\"public-DraftStyleDefault-block public-DraftStyleDefault-ltr\" data-offset-key=\"96f92-0-0\"><span data-offset-key=\"96f92-0-0\">Creat\u0103 manual din r\u0103chit\u0103 natur \u0219i \u00eempletit\u0103 direct pe o structur\u0103 metalic\u0103 solid\u0103, aceast\u0103 umbrel\u0103 de plaj\u0103 \u00eembin\u0103 frumuse\u021bea tradi\u021biei cu siguran\u021ba unei construc\u021bii moderne. Cu un diametru de <\/span><span data-offset-key=\"96f92-0-1\">2 metri<\/span><span data-offset-key=\"96f92-0-2\">, fiecare p\u0103l\u0103rie capteaz\u0103 farmecul mediteranean \u00eent\u00e2lnit pe plajele amenajate din sudul Europei, acolo unde aceste umbrele sunt standardul absolut pentru confort, rezisten\u021b\u0103 \u0219i estetic\u0103 natural\u0103.<\/span><\/div>\n<\/div>\n<div class=\"richeditor2459980606__unstyled\" data-block=\"true\" data-editor=\"2fvj9\" data-offset-key=\"4ipa0-0-0\">\n<div class=\"public-DraftStyleDefault-block public-DraftStyleDefault-ltr\" data-offset-key=\"4ipa0-0-0\"><span data-offset-key=\"4ipa0-0-0\">Ast\u0103zi, acela\u0219i aer de vacan\u021b\u0103 \u00eensorit\u0103 poate fi adus \u0219i pe plajele noastre, dar \u0219i \u00een gr\u0103dini, la piscine, pe terase sau \u00een orice col\u021b dedicat relax\u0103rii.<\/span><\/div>\n<\/div>\n<div class=\"richeditor2459980606__unstyled\" data-block=\"true\" data-editor=\"2fvj9\" data-offset-key=\"52hqb-0-0\">\n<div class=\"public-DraftStyleDefault-block public-DraftStyleDefault-ltr\" data-offset-key=\"52hqb-0-0\"><span data-offset-key=\"52hqb-0-0\">Umbrelele p\u0103trate asigur\u0103 o acoperire mai compact\u0103 a plajei l\u0103s\u00e2nd doar anumite alei de soare \u00een amenajarea plajei.<\/span><\/div>\n<\/div>\n<h3 class=\"public-DraftStyleDefault-block public-DraftStyleDefault-ltr\" data-offset-key=\"2qcpk-0-0\"><strong>Un design natural care rezist\u0103 furtunilor din senin<\/strong><\/h3>\n<div class=\"richeditor2459980606__unstyled\" data-block=\"true\" data-editor=\"2fvj9\" data-offset-key=\"7bi6a-0-0\">\n<div class=\"public-DraftStyleDefault-block public-DraftStyleDefault-ltr\" data-offset-key=\"7bi6a-0-0\"><span data-offset-key=\"7bi6a-0-0\">R\u0103chita, \u00eempletit\u0103 dens pe cadrul metalic, formeaz\u0103 o p\u0103l\u0103rie solid\u0103 \u0219i elastic\u0103 \u00een acela\u0219i timp. Este o solu\u021bie care <\/span><span data-offset-key=\"7bi6a-0-1\">face fa\u021b\u0103 v\u00e2nturilor puternice \u0219i furtunilor ridicate brusc<\/span><span data-offset-key=\"7bi6a-0-2\">, mult mai bine dec\u00e2t umbrelele textile sau cele din stuf. Construc\u021bia este compact\u0103, iar materialul natural absoarbe \u0219i disip\u0103 for\u021ba v\u00e2ntului f\u0103r\u0103 s\u0103 se rup\u0103, s\u0103 vibreze sau s\u0103 \u201efluture\u201d.<\/span><\/div>\n<\/div>\n<h3 class=\"public-DraftStyleDefault-block public-DraftStyleDefault-ltr\" data-offset-key=\"f0mak-0-0\"><strong>F\u0103r\u0103 fire \u00een nisip. F\u0103r\u0103 cur\u0103\u021benie continu\u0103.<\/strong><\/h3>\n<div class=\"richeditor2459980606__unstyled\" data-block=\"true\" data-editor=\"2fvj9\" data-offset-key=\"dl98m-0-0\">\n<div class=\"public-DraftStyleDefault-block public-DraftStyleDefault-ltr\" data-offset-key=\"dl98m-0-0\"><span data-offset-key=\"dl98m-0-0\">Spre deosebire de umbrelele din stuf, care pierd constant fire ce murd\u0103resc plaja \u0219i deranjeaz\u0103 turi\u0219tii, umbrelele din r\u0103chit\u0103 ArtSilva <\/span><span data-offset-key=\"dl98m-0-1\">nu las\u0103 nimic \u00een urm\u0103<\/span><span data-offset-key=\"dl98m-0-2\">. Plaja r\u0103m\u00e2ne curat\u0103, iar echipele de \u00eentre\u021binere scap\u0103 de muncile zilnice de adunat resturi vegetale.<\/span><\/div>\n<\/div>\n<div class=\"richeditor2459980606__unstyled\" data-block=\"true\" data-editor=\"2fvj9\" data-offset-key=\"2dp36-0-0\">\n<div class=\"public-DraftStyleDefault-block public-DraftStyleDefault-ltr\" data-offset-key=\"2dp36-0-0\"><span data-offset-key=\"2dp36-0-0\">Aceasta \u00eenseamn\u0103 <\/span><span data-offset-key=\"2dp36-0-1\">mai pu\u021bin efort, costuri mai mici \u0219i turi\u0219ti mult mai mul\u021bumi\u021bi<\/span><span data-offset-key=\"2dp36-0-2\">.<\/span><\/div>\n<\/div>\n<div class=\"public-DraftStyleDefault-block public-DraftStyleDefault-ltr\" data-offset-key=\"9767e-0-0\"><\/div>\n<div class=\"richeditor2459980606__unstyled\" data-block=\"true\" data-editor=\"2fvj9\" data-offset-key=\"al3uc-0-0\">\n<div class=\"public-DraftStyleDefault-block public-DraftStyleDefault-ltr\" data-offset-key=\"al3uc-0-0\"><span data-offset-key=\"al3uc-0-0\">Datorit\u0103 structurii naturale, lumina se filtreaz\u0103 discret, iar aerul circul\u0103 constant prin \u00eempletitur\u0103. Umbra este <\/span><span data-offset-key=\"al3uc-0-1\">r\u0103coroas\u0103, stabil\u0103 \u0219i pl\u0103cut\u0103<\/span><span data-offset-key=\"al3uc-0-2\">, chiar \u0219i \u00een cele mai calde zile de var\u0103 \u2013 un confort greu de ob\u021binut cu umbrelele textile obi\u0219nuite.<\/span><\/div>\n<\/div>\n<div class=\"public-DraftStyleDefault-block public-DraftStyleDefault-ltr\" data-offset-key=\"3lcpi-0-0\"><span data-offset-key=\"3lcpi-0-0\">Versatil\u0103: pentru plaj\u0103, piscin\u0103, teras\u0103 sau gr\u0103din\u0103, \u0219trand, parc, \u00een zonele de relaxare ale resorturilor sau pensiunilor.<\/span><\/div>\n<div class=\"richeditor2459980606__unstyled\" data-block=\"true\" data-editor=\"2fvj9\" data-offset-key=\"a80k4-0-0\">\n<div class=\"public-DraftStyleDefault-block public-DraftStyleDefault-ltr\" data-offset-key=\"a80k4-0-0\"><span data-offset-key=\"a80k4-0-0\">De\u0219i inspirat\u0103 din plajele sudice, umbrela din r\u0103chit\u0103 \u00ee\u0219i g\u0103se\u0219te locul perfect oriunde:<\/span><\/div>\n<\/div>\n<ul class=\"public-DraftStyleDefault-ul\" data-offset-key=\"59p18-0-0\">\n<li class=\"richeditor2459980606__unstyled public-DraftStyleDefault-unorderedListItem public-DraftStyleDefault-reset public-DraftStyleDefault-depth0 public-DraftStyleDefault-listLTR\" data-block=\"true\" data-editor=\"2fvj9\" data-offset-key=\"59p18-0-0\">\n<div class=\"public-DraftStyleDefault-block public-DraftStyleDefault-ltr\" data-offset-key=\"59p18-0-0\"><span data-offset-key=\"59p18-0-0\">pe plaje turistice amenajate,<\/span><\/div>\n<\/li>\n<li class=\"richeditor2459980606__unstyled public-DraftStyleDefault-unorderedListItem public-DraftStyleDefault-depth0 public-DraftStyleDefault-listLTR\" data-block=\"true\" data-editor=\"2fvj9\" data-offset-key=\"d9tt-0-0\">\n<div class=\"public-DraftStyleDefault-block public-DraftStyleDefault-ltr\" data-offset-key=\"d9tt-0-0\"><span data-offset-key=\"d9tt-0-0\">l\u00e2ng\u0103 piscina hotelurilor,<\/span><\/div>\n<\/li>\n<li class=\"richeditor2459980606__unstyled public-DraftStyleDefault-unorderedListItem public-DraftStyleDefault-depth0 public-DraftStyleDefault-listLTR\" data-block=\"true\" data-editor=\"2fvj9\" data-offset-key=\"1ecd7-0-0\">\n<div class=\"public-DraftStyleDefault-block public-DraftStyleDefault-ltr\" data-offset-key=\"1ecd7-0-0\"><span data-offset-key=\"1ecd7-0-0\">pe terase \u0219i lounge-uri,<\/span><\/div>\n<\/li>\n<li class=\"richeditor2459980606__unstyled public-DraftStyleDefault-unorderedListItem public-DraftStyleDefault-depth0 public-DraftStyleDefault-listLTR\" data-block=\"true\" data-editor=\"2fvj9\" data-offset-key=\"etj4i-0-0\">\n<div class=\"public-DraftStyleDefault-block public-DraftStyleDefault-ltr\" data-offset-key=\"etj4i-0-0\"><span data-offset-key=\"etj4i-0-0\">\u00een gr\u0103dini private,<\/span><\/div>\n<\/li>\n<li class=\"richeditor2459980606__unstyled public-DraftStyleDefault-unorderedListItem public-DraftStyleDefault-depth0 public-DraftStyleDefault-listLTR\" data-block=\"true\" data-editor=\"2fvj9\" data-offset-key=\"8ef97-0-0\">\n<div class=\"public-DraftStyleDefault-block public-DraftStyleDefault-ltr\" data-offset-key=\"8ef97-0-0\"><span data-offset-key=\"8ef97-0-0\">\u00een zonele de relaxare ale resorturilor sau pensiunilor.<\/span><\/div>\n<\/li>\n<\/ul>\n<div class=\"richeditor2459980606__unstyled\" data-block=\"true\" data-editor=\"2fvj9\" data-offset-key=\"3341r-0-0\">\n<div class=\"public-DraftStyleDefault-block public-DraftStyleDefault-ltr\" data-offset-key=\"3341r-0-0\"><span data-offset-key=\"3341r-0-0\">Atmosfera creat\u0103 este \u00eentotdeauna aceea\u0219i: <\/span><span data-offset-key=\"3341r-0-1\">natural\u0103, estival\u0103, elegant\u0103<\/span><span data-offset-key=\"3341r-0-2\">.<\/span><\/div>\n<div data-offset-key=\"3341r-0-0\">Umbrelele se pot realiza, la comand\u0103, pe m\u0103rimi speciale dup\u0103 dorin\u021ba dumneavoastr\u0103.<\/div>\n<\/div>\n<div data-offset-key=\"3341r-0-0\"><\/div>\n<h4 data-offset-key=\"3341r-0-0\"><strong>\u00centre\u021binere<\/strong><\/h4>\n<div data-offset-key=\"3341r-0-0\">\n<div data-draftjs-conductor-fragment=\"{&quot;blocks&quot;:[{&quot;key&quot;:&quot;aljhc&quot;,&quot;text&quot;:&quot;Ca oric\u0103rei fibre lemnoase, nuielelor de r\u0103chit\u0103 le prinde bine un lac, bai\u021b sau un strat de vopsea o dat\u0103 la dou\u0103 sezoane. Astfel asigura\u021bi plajei un aspect \u00eengrijit, elegant, \u00een ton cu designul plajei pentru sezonul urm\u0103tor.&quot;,&quot;type&quot;:&quot;unstyled&quot;,&quot;depth&quot;:0,&quot;inlineStyleRanges&quot;:[],&quot;entityRanges&quot;:[],&quot;data&quot;:{&quot;attributes&quot;:{&quot;className&quot;:&quot;&quot;}}}],&quot;entityMap&quot;:{}}\">Ca oric\u0103rei fibre lemnoase, nuielelor de r\u0103chit\u0103 le prinde bine un lac, bai\u021b sau un strat de vopsea o dat\u0103 la dou\u0103 sezoane. Astfel asigura\u021bi plajei un aspect \u00eengrijit, elegant, \u00een ton cu designul plajei pentru sezonul urm\u0103tor.<\/div>\n<h4 data-draftjs-conductor-fragment=\"{&quot;blocks&quot;:[{&quot;key&quot;:&quot;aljhc&quot;,&quot;text&quot;:&quot;Ca oric\u0103rei fibre lemnoase, nuielelor de r\u0103chit\u0103 le prinde bine un lac, bai\u021b sau un strat de vopsea o dat\u0103 la dou\u0103 sezoane. Astfel asigura\u021bi plajei un aspect \u00eengrijit, elegant, \u00een ton cu designul plajei pentru sezonul urm\u0103tor.&quot;,&quot;type&quot;:&quot;unstyled&quot;,&quot;depth&quot;:0,&quot;inlineStyleRanges&quot;:[],&quot;entityRanges&quot;:[],&quot;data&quot;:{&quot;attributes&quot;:{&quot;className&quot;:&quot;&quot;}}}],&quot;entityMap&quot;:{}}\"><strong>Montare\/ demontare<\/strong><\/h4>\n<div data-draftjs-conductor-fragment=\"{&quot;blocks&quot;:[{&quot;key&quot;:&quot;aljhc&quot;,&quot;text&quot;:&quot;Ca oric\u0103rei fibre lemnoase, nuielelor de r\u0103chit\u0103 le prinde bine un lac, bai\u021b sau un strat de vopsea o dat\u0103 la dou\u0103 sezoane. Astfel asigura\u021bi plajei un aspect \u00eengrijit, elegant, \u00een ton cu designul plajei pentru sezonul urm\u0103tor.&quot;,&quot;type&quot;:&quot;unstyled&quot;,&quot;depth&quot;:0,&quot;inlineStyleRanges&quot;:[],&quot;entityRanges&quot;:[],&quot;data&quot;:{&quot;attributes&quot;:{&quot;className&quot;:&quot;&quot;}}}],&quot;entityMap&quot;:{}}\">\n<div data-draftjs-conductor-fragment=\"{&quot;blocks&quot;:[{&quot;key&quot;:&quot;38d0p&quot;,&quot;text&quot;:&quot;Montarea \u0219i demontarea fiec\u0103rei umbrele se face u\u0219or de c\u0103tre dou\u0103 persoane. \u00cent\u00e2i se monteaz\u0103 piesa de \u00eembinare pe st\u00e2lp. Ansamblul format se ata\u0219eaz\u0103 cu dou\u0103 piuli\u021be p\u0103l\u0103riei de umbrel\u0103. \u00centreaga structur\u0103 se fixeaza \u00eentr-o groap\u0103 ce poate fi f\u0103cut\u0103 rapid cu o forez\u0103.\u00a0&quot;,&quot;type&quot;:&quot;unstyled&quot;,&quot;depth&quot;:0,&quot;inlineStyleRanges&quot;:[],&quot;entityRanges&quot;:[],&quot;data&quot;:{&quot;attributes&quot;:{&quot;className&quot;:&quot;&quot;}}},{&quot;key&quot;:&quot;5p8ft&quot;,&quot;text&quot;:&quot;Demontarea se face extr\u0103g\u00e2nd ansamblul din groap\u0103 \u0219i de\u0219urub\u00e2nd apoi piuli\u021bele pentru a separa p\u0103l\u0103ria.&quot;,&quot;type&quot;:&quot;unstyled&quot;,&quot;depth&quot;:0,&quot;inlineStyleRanges&quot;:[],&quot;entityRanges&quot;:[],&quot;data&quot;:{&quot;attributes&quot;:{&quot;className&quot;:&quot;&quot;}}},{&quot;key&quot;:&quot;7aiq8&quot;,&quot;text&quot;:&quot;Manevrarea p\u0103l\u0103riei de umbrel\u0103 se face \u021bin\u00e2nd \u00eentotdeauna v\u00e2rful \u00een sus. Altfel exist\u0103 riscul de a desface bordura de la baz\u0103 datorit\u0103 greut\u0103\u021bii umbrele. Stric\u0103ciunile provocate produsului din manevrare neglijent\u0103 nu sunt acoperite de garan\u021bie.&quot;,&quot;type&quot;:&quot;unstyled&quot;,&quot;depth&quot;:0,&quot;inlineStyleRanges&quot;:[],&quot;entityRanges&quot;:[],&quot;data&quot;:{&quot;attributes&quot;:{&quot;className&quot;:&quot;&quot;}}}],&quot;entityMap&quot;:{}}\">\n<div class=\"richeditor2459980606__unstyled\" data-block=\"true\" data-editor=\"4oqi0\" data-offset-key=\"2mmv8-0-0\">\n<div class=\"public-DraftStyleDefault-block public-DraftStyleDefault-ltr\" data-offset-key=\"2mmv8-0-0\"><span data-offset-key=\"2mmv8-0-0\">Montarea \u0219i demontarea fiec\u0103rei umbrele se face u\u0219or de c\u0103tre dou\u0103 persoane. \u00cent\u00e2i se monteaz\u0103 piesa de \u00eembinare pe st\u00e2lp. Ansamblul format se ata\u0219eaz\u0103 cu dou\u0103 piuli\u021be p\u0103l\u0103riei de umbrel\u0103. \u00centreaga structur\u0103 se fixeaza \u00eentr-o groap\u0103 ce poate fi f\u0103cut\u0103 rapid cu o forez\u0103.\u00a0<\/span><\/div>\n<\/div>\n<div class=\"richeditor2459980606__unstyled\" data-block=\"true\" data-editor=\"4oqi0\" data-offset-key=\"5e21i-0-0\">\n<div class=\"public-DraftStyleDefault-block public-DraftStyleDefault-ltr\" data-offset-key=\"5e21i-0-0\"><span data-offset-key=\"5e21i-0-0\">Demontarea se face extr\u0103g\u00e2nd ansamblul din groap\u0103 \u0219i de\u0219urub\u00e2nd apoi piuli\u021bele pentru a separa p\u0103l\u0103ria.<\/span><\/div>\n<\/div>\n<div class=\"richeditor2459980606__unstyled\" data-block=\"true\" data-editor=\"4oqi0\" data-offset-key=\"9mff1-0-0\">\n<div class=\"public-DraftStyleDefault-block public-DraftStyleDefault-ltr\" data-offset-key=\"9mff1-0-0\"><span data-offset-key=\"9mff1-0-0\">Manevrarea p\u0103l\u0103riei de umbrel\u0103 se face \u021bin\u00e2nd \u00eentotdeauna v\u00e2rful \u00een sus. Altfel exist\u0103 riscul de a desface bordura de la baz\u0103 datorit\u0103 greut\u0103\u021bii umbrele. Stric\u0103ciunile provocate produsului din manevrare neglijent\u0103 nu sunt acoperite de garan\u021bie.<\/span><\/div>\n<h4 data-offset-key=\"9mff1-0-0\"><strong>Transport \u0219i depozitare<\/strong><\/h4>\n<div data-offset-key=\"9mff1-0-0\">\n<div data-draftjs-conductor-fragment=\"{&quot;blocks&quot;:[{&quot;key&quot;:&quot;e4fjs&quot;,&quot;text&quot;:&quot;Dup\u0103 demontare, st\u00e2lpii pe care pot r\u0103m\u00e2ne peste iarn\u0103 piesele de \u00eembinare pot fi pu\u0219i pe podeaua mijlocului de transport, iar p\u0103l\u0103riile s\u0103 fie stivuite deasupra. Preg\u0103tirea pentru p\u0103strarea \u00een afara sezonului presupune cur\u0103\u021barea umbrelelor de praf. Nuielele de r\u0103chit\u0103 trebuie s\u0103 fie uscate atunci c\u00e2nd se stivuiesc pentru depozitare.\u00a0&quot;,&quot;type&quot;:&quot;unstyled&quot;,&quot;depth&quot;:0,&quot;inlineStyleRanges&quot;:[],&quot;entityRanges&quot;:[],&quot;data&quot;:{&quot;attributes&quot;:{&quot;className&quot;:&quot;&quot;}}},{&quot;key&quot;:&quot;feula&quot;,&quot;text&quot;:&quot;Umbrelele vor rezista perfect peste iarn\u0103 \u00een spa\u021bii acoperite \u0219i ventilate unde s\u0103 nu ajung\u0103 ploaia sau z\u0103pada.\u00a0&quot;,&quot;type&quot;:&quot;unstyled&quot;,&quot;depth&quot;:0,&quot;inlineStyleRanges&quot;:[],&quot;entityRanges&quot;:[],&quot;data&quot;:{&quot;attributes&quot;:{&quot;className&quot;:&quot;&quot;}}},{&quot;key&quot;:&quot;4vr0p&quot;,&quot;text&quot;:&quot;Umbrelele nu pot fi depozitate sub prelat\u0103, folie sau ceva similar, nici \u00een beciuri \u0219i alte spa\u021bii necorespunz\u0103toare. Eventualele daune nu sunt acoperite de garan\u021bie.&quot;,&quot;type&quot;:&quot;unstyled&quot;,&quot;depth&quot;:0,&quot;inlineStyleRanges&quot;:[],&quot;entityRanges&quot;:[],&quot;data&quot;:{&quot;attributes&quot;:{&quot;className&quot;:&quot;&quot;}}}],&quot;entityMap&quot;:{}}\">\n<div class=\"richeditor2459980606__unstyled\" data-block=\"true\" data-editor=\"b2of\" data-offset-key=\"cjdfq-0-0\">\n<div class=\"public-DraftStyleDefault-block public-DraftStyleDefault-ltr\" data-offset-key=\"cjdfq-0-0\"><span data-offset-key=\"cjdfq-0-0\">Dup\u0103 demontare, st\u00e2lpii pe care pot r\u0103m\u00e2ne peste iarn\u0103 piesele de \u00eembinare pot fi pu\u0219i pe podeaua mijlocului de transport, iar p\u0103l\u0103riile s\u0103 fie stivuite deasupra. Preg\u0103tirea pentru p\u0103strarea \u00een afara sezonului presupune cur\u0103\u021barea umbrelelor de praf. Nuielele de r\u0103chit\u0103 trebuie s\u0103 fie uscate atunci c\u00e2nd se stivuiesc pentru depozitare.\u00a0<\/span><\/div>\n<\/div>\n<div class=\"richeditor2459980606__unstyled\" data-block=\"true\" data-editor=\"b2of\" data-offset-key=\"8u226-0-0\">\n<div class=\"public-DraftStyleDefault-block public-DraftStyleDefault-ltr\" data-offset-key=\"8u226-0-0\"><span data-offset-key=\"8u226-0-0\">Umbrelele vor rezista perfect peste iarn\u0103 \u00een spa\u021bii acoperite \u0219i ventilate unde s\u0103 nu ajung\u0103 ploaia sau z\u0103pada.\u00a0<\/span><\/div>\n<\/div>\n<div class=\"richeditor2459980606__unstyled\" data-block=\"true\" data-editor=\"b2of\" data-offset-key=\"djg74-0-0\">\n<div class=\"public-DraftStyleDefault-block public-DraftStyleDefault-ltr\" data-offset-key=\"djg74-0-0\"><span data-offset-key=\"djg74-0-0\">Umbrelele nu pot fi depozitate sub prelat\u0103, folie sau ceva similar, nici \u00een beciuri \u0219i alte spa\u021bii necorespunz\u0103toare. Eventualele daune nu sunt acoperite de garan\u021bie.<\/span><\/div>\n<h4 class=\"public-DraftStyleDefault-block public-DraftStyleDefault-ltr\" data-offset-key=\"djg74-0-0\"><span data-offset-key=\"djg74-0-0\"><strong>Potrivit\u0103 pentru<\/strong><\/span><\/h4>\n<div data-offset-key=\"djg74-0-0\">\n<div data-draftjs-conductor-fragment=\"{&quot;blocks&quot;:[{&quot;key&quot;:&quot;crlbo&quot;,&quot;text&quot;:&quot;Aceast\u0103 umbrel\u0103 poate fi folosit\u0103 pe plaj\u0103, teras\u0103, \u00een gr\u0103din\u0103, \u00een parc, la piscin\u0103, la \u0219trand sau \u00een orice alt loc de relaxare.&quot;,&quot;type&quot;:&quot;unstyled&quot;,&quot;depth&quot;:0,&quot;inlineStyleRanges&quot;:[],&quot;entityRanges&quot;:[],&quot;data&quot;:{&quot;attributes&quot;:{&quot;className&quot;:&quot;&quot;}}}],&quot;entityMap&quot;:{}}\">Aceast\u0103 umbrel\u0103 poate fi folosit\u0103 pe plaj\u0103, teras\u0103, \u00een gr\u0103din\u0103, \u00een parc, la piscin\u0103, la \u0219trand sau \u00een orice alt loc de relaxare.<\/div>\n<\/div>\n<\/div>\n<\/div>\n<\/div>\n<\/div>\n<\/div>\n<\/div>\n<\/div>\n<\/div>\n","protected":false},"excerpt":{"rendered":"<p>Umbrel\u0103 de plaj\u0103 p\u0103trat\u0103 \u00eempletit\u0103 din nuiele de r\u0103chit\u0103 natur cu st\u00e2lp de lemn<\/p>\n","protected":false},"featured_media":1082,"comment_status":"open","ping_status":"closed","template":"","meta":{"_acf_changed":false},"product_brand":[],"product_cat":[67,60],"product_tag":[71,70,69,68],"class_list":{"0":"post-803","1":"product","2":"type-product","3":"status-publish","4":"has-post-thumbnail","6":"product_cat-umbrele-natur","7":"product_cat-uncategorized","8":"product_tag-umbrela-de-soare","9":"product_tag-umbrela-impletita","10":"product_tag-umbrela-natur","11":"product_tag-umbrela-patrata","13":"first","14":"onbackorder","15":"taxable","16":"shipping-taxable","17":"purchasable","18":"product-type-simple"},"acf":[],"jetpack_sharing_enabled":true,"_links":{"self":[{"href":"https:\/\/artsilva.ro\/index.php?rest_route=\/wp\/v2\/product\/803","targetHints":{"allow":["GET"]}}],"collection":[{"href":"https:\/\/artsilva.ro\/index.php?rest_route=\/wp\/v2\/product"}],"about":[{"href":"https:\/\/artsilva.ro\/index.php?rest_route=\/wp\/v2\/types\/product"}],"replies":[{"embeddable":true,"href":"https:\/\/artsilva.ro\/index.php?rest_route=%2Fwp%2Fv2%2Fcomments&post=803"}],"wp:featuredmedia":[{"embeddable":true,"href":"https:\/\/artsilva.ro\/index.php?rest_route=\/wp\/v2\/media\/1082"}],"wp:attachment":[{"href":"https:\/\/artsilva.ro\/index.php?rest_route=%2Fwp%2Fv2%2Fmedia&parent=803"}],"wp:term":[{"taxonomy":"product_brand","embeddable":true,"href":"https:\/\/artsilva.ro\/index.php?rest_route=%2Fwp%2Fv2%2Fproduct_brand&post=803"},{"taxonomy":"product_cat","embeddable":true,"href":"https:\/\/artsilva.ro\/index.php?rest_route=%2Fwp%2Fv2%2Fproduct_cat&post=803"},{"taxonomy":"product_tag","embeddable":true,"href":"https:\/\/artsilva.ro\/index.php?rest_route=%2Fwp%2Fv2%2Fproduct_tag&post=803"}],"curies":[{"name":"wp","href":"https:\/\/api.w.org\/{rel}","templated":true}]}}